{"id":266,"date":"2022-04-08T15:30:01","date_gmt":"2022-04-08T13:30:01","guid":{"rendered":"https:\/\/evenements.infopro-digital.com\/lemoniteur\/actu-formations\/?page_id=266"},"modified":"2025-02-18T17:57:33","modified_gmt":"2025-02-18T16:57:33","slug":"nos-solutions-intra","status":"publish","type":"page","link":"https:\/\/evenements.infopro-digital.com\/lemoniteur\/actu-formations\/intra-entreprise-et-sur-mesure\/nos-solutions-intra\/","title":{"rendered":"Nos solutions"},"content":{"rendered":"<div  class=\"strate alignfull has-background-color-opacity-100\" style=\" background-position: 50% 50%;\"><div class=\"centrage\">\n<hr class=\"separator separator--center separator--line has-white-separator-color separator--thickness-10 separator--md\"\/>\n\n\n<p class=\"has-text-align-center has-black-color has-text-color\" style=\"font-size:30px\"><strong>Faire \u00e9voluer vos \u00e9quipes ensemble ?<\/strong><\/p>\n\n\n\n<p class=\"has-text-align-center has-color-1-color has-text-color\" style=\"font-size:30px\">La formation en<strong> intra<\/strong> est la solution !<\/p>\n\n\n<hr class=\"separator separator--center separator--line has-white-separator-color separator--thickness-10 separator--md\"\/>\n\n\n<p class=\"has-text-align-left has-medium-font-size\"><br>D\u00e8s 4 participants nous mettons en place une <strong>formation d\u00e9di\u00e9e pour votre groupe, dans vos locaux, en classe virtuelle ou en e-learning.<\/strong><br><br>Tous nos programmes sont <strong>adaptables \u00e0 vos probl\u00e9matiques m\u00e9tiers<\/strong>, vos enjeux ainsi qu\u2019\u00e0 votre contexte.<br><br>Nous pouvons aussi cr\u00e9er sur mesure un <strong>contenu sp\u00e9cifique \u00e0 votre cahier des charges<\/strong>.<br><br>Notre objectif commun : participer \u00e0 votre d\u00e9veloppement par des<strong> formations de qualit\u00e9<\/strong>.<br><br><strong>Parlons-en !<\/strong><\/p>\n\n\n<div class=\"bttn-align-center\"><a href=\"https:\/\/evenements.infopro-digital.com\/lemoniteur\/contact\/context\/6#\/\" target=\"_self\" class=\"bttn bttn--icon has-color-1-bttn-color bttn--lg\"><span class=\"bttn__cont-label-icon\"><span class=\"bttn__label\">Contactez-nous <\/span><svg role=\"img\" aria-hidden=\"true\" viewBox=\"0 0 16 16\"><use href=\"#icon-avion-papier\" class=\"icon__unicolor\" \/><\/svg><\/span><\/a><\/div>\n\n<hr class=\"separator separator--center separator--line has-white-separator-color separator--thickness-10 separator--md\"\/>\n\n<section style=\"\" class=\"media-text       media-text--img-40  media-text--content-align-vertical-middle media-text--media-align-vertical-middle has-background has-color-2-background-color  media-text--img-cover\" ><div class=\"centrage media-text__layout\"><figure class=\"media-text__media\" style=\"background-image: url(https:\/\/evenements.infopro-digital.com\/lemoniteur\/actu-formations\/\/app\/uploads\/sites\/2\/2022\/05\/Image1.png); background-position: 50% 50%; \"><img loading=\"lazy\" src=\"https:\/\/evenements.infopro-digital.com\/lemoniteur\/actu-formations\/\/app\/uploads\/sites\/2\/2022\/05\/Image1.png\" width=\"998\" height=\"1072\" alt=\"\" style=\"\" \/><\/figure><div class=\"media-text__content\">\n\n<p style=\"font-size:30px\"><strong>Notre d\u00e9marche<\/strong><\/p>\n\n\n\n<p class=\"has-medium-font-size\">1 \u2013&nbsp;<strong>Conseiller<\/strong>&nbsp;: profitez du savoir-faire de notre \u00e9quipe p\u00e9dagogique \u00e0 toutes les \u00e9tapes du projet de formation<br> <br>2 \u2013&nbsp;<strong>Co-construire&nbsp;<\/strong>: nous construisons ensemble le programme le plus adapt\u00e9 aux besoins de vos collaborateurs<br><br>3 \u2013&nbsp;<strong>Personnaliser<\/strong>&nbsp;: le programme de formation sera adapt\u00e9 au contexte de votre organisation (exemples, cas pratiques, contenu de la formation, modalit\u00e9 p\u00e9dagogique\u2026)<br><br>4 \u2013&nbsp;<strong>Evaluer<\/strong>&nbsp;: dans la d\u00e9marche qualit\u00e9 de notre organisme (certifi\u00e9 Qualiopi), nous analysons de mani\u00e8re syst\u00e9matique la satisafction des participants<\/p>\n\n<\/div><\/div><\/section>\n\n<hr class=\"separator separator--center separator--line has-white-separator-color separator--thickness-10 separator--md\"\/>\n\n\n<p style=\"font-size:30px\"><strong>Ils nous font confiance<\/strong><\/p>\n\n\n<div class=\"logos\">\n\n<figure class=\"wp-block-image size-large is-resized\"><img loading=\"lazy\" src=\"https:\/\/evenements.infopro-digital.com\/lemoniteur\/actu-formations\/\/app\/uploads\/sites\/2\/2022\/05\/depart-hautsdeseine-898x460-3.png\" alt=\"\" class=\"wp-image-454\" width=\"160\" height=\"83\" srcset=\"https:\/\/evenements.infopro-digital.com\/lemoniteur\/actu-formations\/\/app\/uploads\/sites\/2\/2022\/05\/depart-hautsdeseine-898x460-3.png 898w, https:\/\/evenements.infopro-digital.com\/lemoniteur\/actu-formations\/\/app\/uploads\/sites\/2\/2022\/05\/depart-hautsdeseine-898x460-3-300x154.png 300w, https:\/\/evenements.infopro-digital.com\/lemoniteur\/actu-formations\/\/app\/uploads\/sites\/2\/2022\/05\/depart-hautsdeseine-898x460-3-768x393.png 768w, https:\/\/evenements.infopro-digital.com\/lemoniteur\/actu-formations\/\/app\/uploads\/sites\/2\/2022\/05\/depart-hautsdeseine-898x460-3-800x410.png 800w, https:\/\/evenements.infopro-digital.com\/lemoniteur\/actu-formations\/\/app\/uploads\/sites\/2\/2022\/05\/depart-hautsdeseine-898x460-3-400x205.png 400w\" sizes=\"(max-width: 160px) 100vw, 160px\" \/><\/figure>\n\n\n\n<figure class=\"wp-block-image size-large is-resized\"><img loading=\"lazy\" src=\"https:\/\/evenements.infopro-digital.com\/lemoniteur\/actu-formations\/\/app\/uploads\/sites\/2\/2022\/05\/logo_poste_immo-1.jpeg\" alt=\"\" class=\"wp-image-455\" width=\"121\" height=\"85\" srcset=\"https:\/\/evenements.infopro-digital.com\/lemoniteur\/actu-formations\/\/app\/uploads\/sites\/2\/2022\/05\/logo_poste_immo-1.jpeg 500w, https:\/\/evenements.infopro-digital.com\/lemoniteur\/actu-formations\/\/app\/uploads\/sites\/2\/2022\/05\/logo_poste_immo-1-300x212.jpeg 300w, https:\/\/evenements.infopro-digital.com\/lemoniteur\/actu-formations\/\/app\/uploads\/sites\/2\/2022\/05\/logo_poste_immo-1-400x283.jpeg 400w\" sizes=\"(max-width: 121px) 100vw, 121px\" \/><\/figure>\n\n\n\n<figure class=\"wp-block-image size-large is-resized\"><img loading=\"lazy\" src=\"https:\/\/evenements.infopro-digital.com\/lemoniteur\/actu-formations\/\/app\/uploads\/sites\/2\/2022\/05\/logo-2-1024x242.jpg\" alt=\"\" class=\"wp-image-456\" width=\"279\" height=\"60\" \/><\/figure>\n\n\n\n<figure class=\"wp-block-image size-large\"><img loading=\"lazy\" width=\"1024\" height=\"539\" src=\"https:\/\/evenements.infopro-digital.com\/lemoniteur\/actu-formations\/\/app\/uploads\/sites\/2\/2022\/06\/LogoAnteaGroup-1024x539.jpg\" alt=\"\" class=\"wp-image-570\" srcset=\"https:\/\/evenements.infopro-digital.com\/lemoniteur\/actu-formations\/\/app\/uploads\/sites\/2\/2022\/06\/LogoAnteaGroup-1024x539.jpg 1024w, https:\/\/evenements.infopro-digital.com\/lemoniteur\/actu-formations\/\/app\/uploads\/sites\/2\/2022\/06\/LogoAnteaGroup-300x158.jpg 300w, https:\/\/evenements.infopro-digital.com\/lemoniteur\/actu-formations\/\/app\/uploads\/sites\/2\/2022\/06\/LogoAnteaGroup-768x404.jpg 768w, https:\/\/evenements.infopro-digital.com\/lemoniteur\/actu-formations\/\/app\/uploads\/sites\/2\/2022\/06\/LogoAnteaGroup-1536x808.jpg 1536w, https:\/\/evenements.infopro-digital.com\/lemoniteur\/actu-formations\/\/app\/uploads\/sites\/2\/2022\/06\/LogoAnteaGroup-2048x1078.jpg 2048w, https:\/\/evenements.infopro-digital.com\/lemoniteur\/actu-formations\/\/app\/uploads\/sites\/2\/2022\/06\/LogoAnteaGroup-1200x632.jpg 1200w, https:\/\/evenements.infopro-digital.com\/lemoniteur\/actu-formations\/\/app\/uploads\/sites\/2\/2022\/06\/LogoAnteaGroup-800x421.jpg 800w, https:\/\/evenements.infopro-digital.com\/lemoniteur\/actu-formations\/\/app\/uploads\/sites\/2\/2022\/06\/LogoAnteaGroup-400x211.jpg 400w\" sizes=\"(max-width: 1024px) 100vw, 1024px\" \/><\/figure>\n\n\n\n<figure class=\"wp-block-image size-large\"><img loading=\"lazy\" width=\"1024\" height=\"907\" src=\"https:\/\/evenements.infopro-digital.com\/lemoniteur\/actu-formations\/\/app\/uploads\/sites\/2\/2022\/06\/200914_LOGO_SNCF_GC_RGB-1024x907.jpg\" alt=\"\" class=\"wp-image-571\" srcset=\"https:\/\/evenements.infopro-digital.com\/lemoniteur\/actu-formations\/\/app\/uploads\/sites\/2\/2022\/06\/200914_LOGO_SNCF_GC_RGB-1024x907.jpg 1024w, https:\/\/evenements.infopro-digital.com\/lemoniteur\/actu-formations\/\/app\/uploads\/sites\/2\/2022\/06\/200914_LOGO_SNCF_GC_RGB-300x266.jpg 300w, https:\/\/evenements.infopro-digital.com\/lemoniteur\/actu-formations\/\/app\/uploads\/sites\/2\/2022\/06\/200914_LOGO_SNCF_GC_RGB-768x680.jpg 768w, https:\/\/evenements.infopro-digital.com\/lemoniteur\/actu-formations\/\/app\/uploads\/sites\/2\/2022\/06\/200914_LOGO_SNCF_GC_RGB-1536x1360.jpg 1536w, https:\/\/evenements.infopro-digital.com\/lemoniteur\/actu-formations\/\/app\/uploads\/sites\/2\/2022\/06\/200914_LOGO_SNCF_GC_RGB-1200x1063.jpg 1200w, https:\/\/evenements.infopro-digital.com\/lemoniteur\/actu-formations\/\/app\/uploads\/sites\/2\/2022\/06\/200914_LOGO_SNCF_GC_RGB-800x709.jpg 800w, https:\/\/evenements.infopro-digital.com\/lemoniteur\/actu-formations\/\/app\/uploads\/sites\/2\/2022\/06\/200914_LOGO_SNCF_GC_RGB-400x354.jpg 400w, https:\/\/evenements.infopro-digital.com\/lemoniteur\/actu-formations\/\/app\/uploads\/sites\/2\/2022\/06\/200914_LOGO_SNCF_GC_RGB.jpg 1864w\" sizes=\"(max-width: 1024px) 100vw, 1024px\" \/><\/figure>\n\n\n\n<figure class=\"wp-block-image size-large\"><img loading=\"lazy\" width=\"249\" height=\"98\" src=\"https:\/\/evenements.infopro-digital.com\/lemoniteur\/actu-formations\/\/app\/uploads\/sites\/2\/2022\/06\/CDC-habitat.gif\" alt=\"\" class=\"wp-image-572\" \/><\/figure>\n\n\n\n<figure class=\"wp-block-image size-large\"><img loading=\"lazy\" width=\"213\" height=\"55\" src=\"https:\/\/evenements.infopro-digital.com\/lemoniteur\/actu-formations\/\/app\/uploads\/sites\/2\/2022\/06\/grand-lyon.jpg\" alt=\"\" class=\"wp-image-573\" \/><\/figure>\n\n\n\n<figure class=\"wp-block-image size-large\"><img loading=\"lazy\" width=\"181\" height=\"50\" src=\"https:\/\/evenements.infopro-digital.com\/lemoniteur\/actu-formations\/\/app\/uploads\/sites\/2\/2022\/06\/grand-paris.png\" alt=\"\" class=\"wp-image-574\" \/><\/figure>\n\n\n\n<figure class=\"wp-block-image size-large\"><img loading=\"lazy\" width=\"1024\" height=\"804\" src=\"https:\/\/evenements.infopro-digital.com\/lemoniteur\/actu-formations\/\/app\/uploads\/sites\/2\/2022\/06\/leon-grosse-1024x804.png\" alt=\"\" class=\"wp-image-575\" srcset=\"https:\/\/evenements.infopro-digital.com\/lemoniteur\/actu-formations\/\/app\/uploads\/sites\/2\/2022\/06\/leon-grosse-1024x804.png 1024w, https:\/\/evenements.infopro-digital.com\/lemoniteur\/actu-formations\/\/app\/uploads\/sites\/2\/2022\/06\/leon-grosse-300x236.png 300w, https:\/\/evenements.infopro-digital.com\/lemoniteur\/actu-formations\/\/app\/uploads\/sites\/2\/2022\/06\/leon-grosse-768x603.png 768w, https:\/\/evenements.infopro-digital.com\/lemoniteur\/actu-formations\/\/app\/uploads\/sites\/2\/2022\/06\/leon-grosse-1536x1206.png 1536w, https:\/\/evenements.infopro-digital.com\/lemoniteur\/actu-formations\/\/app\/uploads\/sites\/2\/2022\/06\/leon-grosse-1200x942.png 1200w, https:\/\/evenements.infopro-digital.com\/lemoniteur\/actu-formations\/\/app\/uploads\/sites\/2\/2022\/06\/leon-grosse-800x628.png 800w, https:\/\/evenements.infopro-digital.com\/lemoniteur\/actu-formations\/\/app\/uploads\/sites\/2\/2022\/06\/leon-grosse-400x314.png 400w, https:\/\/evenements.infopro-digital.com\/lemoniteur\/actu-formations\/\/app\/uploads\/sites\/2\/2022\/06\/leon-grosse.png 1600w\" sizes=\"(max-width: 1024px) 100vw, 1024px\" \/><\/figure>\n\n\n\n<figure class=\"wp-block-image size-large\"><img loading=\"lazy\" width=\"1024\" height=\"381\" src=\"https:\/\/evenements.infopro-digital.com\/lemoniteur\/actu-formations\/\/app\/uploads\/sites\/2\/2022\/06\/Partner-brandmark-Red-PMS-199-1024x381.png\" alt=\"\" class=\"wp-image-576\" srcset=\"https:\/\/evenements.infopro-digital.com\/lemoniteur\/actu-formations\/\/app\/uploads\/sites\/2\/2022\/06\/Partner-brandmark-Red-PMS-199-1024x381.png 1024w, https:\/\/evenements.infopro-digital.com\/lemoniteur\/actu-formations\/\/app\/uploads\/sites\/2\/2022\/06\/Partner-brandmark-Red-PMS-199-300x112.png 300w, https:\/\/evenements.infopro-digital.com\/lemoniteur\/actu-formations\/\/app\/uploads\/sites\/2\/2022\/06\/Partner-brandmark-Red-PMS-199-768x286.png 768w, https:\/\/evenements.infopro-digital.com\/lemoniteur\/actu-formations\/\/app\/uploads\/sites\/2\/2022\/06\/Partner-brandmark-Red-PMS-199-1200x447.png 1200w, https:\/\/evenements.infopro-digital.com\/lemoniteur\/actu-formations\/\/app\/uploads\/sites\/2\/2022\/06\/Partner-brandmark-Red-PMS-199-800x298.png 800w, https:\/\/evenements.infopro-digital.com\/lemoniteur\/actu-formations\/\/app\/uploads\/sites\/2\/2022\/06\/Partner-brandmark-Red-PMS-199-400x149.png 400w, https:\/\/evenements.infopro-digital.com\/lemoniteur\/actu-formations\/\/app\/uploads\/sites\/2\/2022\/06\/Partner-brandmark-Red-PMS-199.png 1273w\" sizes=\"(max-width: 1024px) 100vw, 1024px\" \/><\/figure>\n\n\n\n<figure class=\"wp-block-image size-large\"><img loading=\"lazy\" width=\"451\" height=\"160\" src=\"https:\/\/evenements.infopro-digital.com\/lemoniteur\/actu-formations\/\/app\/uploads\/sites\/2\/2022\/06\/universite-des-competences-habitat.jpg\" alt=\"\" class=\"wp-image-577\" srcset=\"https:\/\/evenements.infopro-digital.com\/lemoniteur\/actu-formations\/\/app\/uploads\/sites\/2\/2022\/06\/universite-des-competences-habitat.jpg 451w, https:\/\/evenements.infopro-digital.com\/lemoniteur\/actu-formations\/\/app\/uploads\/sites\/2\/2022\/06\/universite-des-competences-habitat-300x106.jpg 300w, https:\/\/evenements.infopro-digital.com\/lemoniteur\/actu-formations\/\/app\/uploads\/sites\/2\/2022\/06\/universite-des-competences-habitat-400x142.jpg 400w\" sizes=\"(max-width: 451px) 100vw, 451px\" \/><\/figure>\n\n\n\n<figure class=\"wp-block-image size-large\"><img loading=\"lazy\" width=\"182\" height=\"96\" src=\"https:\/\/evenements.infopro-digital.com\/lemoniteur\/actu-formations\/\/app\/uploads\/sites\/2\/2022\/06\/setec.png\" alt=\"\" class=\"wp-image-578\" \/><\/figure>\n\n\n\n<figure class=\"wp-block-image size-large\"><img loading=\"lazy\" width=\"441\" height=\"151\" src=\"https:\/\/evenements.infopro-digital.com\/lemoniteur\/actu-formations\/\/app\/uploads\/sites\/2\/2022\/06\/Sogaris-sans-baseline-ROUGE.jpg\" alt=\"\" class=\"wp-image-580\" srcset=\"https:\/\/evenements.infopro-digital.com\/lemoniteur\/actu-formations\/\/app\/uploads\/sites\/2\/2022\/06\/Sogaris-sans-baseline-ROUGE.jpg 441w, https:\/\/evenements.infopro-digital.com\/lemoniteur\/actu-formations\/\/app\/uploads\/sites\/2\/2022\/06\/Sogaris-sans-baseline-ROUGE-300x103.jpg 300w, https:\/\/evenements.infopro-digital.com\/lemoniteur\/actu-formations\/\/app\/uploads\/sites\/2\/2022\/06\/Sogaris-sans-baseline-ROUGE-400x137.jpg 400w\" sizes=\"(max-width: 441px) 100vw, 441px\" \/><\/figure>\n\n\n\n<figure class=\"wp-block-image size-large\"><img loading=\"lazy\" width=\"224\" height=\"224\" src=\"https:\/\/evenements.infopro-digital.com\/lemoniteur\/actu-formations\/\/app\/uploads\/sites\/2\/2022\/06\/29601fb1-8964-41c9-abf9-88678b838165.jpg\" alt=\"\" class=\"wp-image-581\" srcset=\"https:\/\/evenements.infopro-digital.com\/lemoniteur\/actu-formations\/\/app\/uploads\/sites\/2\/2022\/06\/29601fb1-8964-41c9-abf9-88678b838165.jpg 224w, https:\/\/evenements.infopro-digital.com\/lemoniteur\/actu-formations\/\/app\/uploads\/sites\/2\/2022\/06\/29601fb1-8964-41c9-abf9-88678b838165-150x150.jpg 150w\" sizes=\"(max-width: 224px) 100vw, 224px\" \/><\/figure>\n\n\n\n<figure class=\"wp-block-image size-large\"><img loading=\"lazy\" width=\"225\" height=\"225\" src=\"https:\/\/evenements.infopro-digital.com\/lemoniteur\/actu-formations\/\/app\/uploads\/sites\/2\/2022\/06\/download.png\" alt=\"\" class=\"wp-image-582\" srcset=\"https:\/\/evenements.infopro-digital.com\/lemoniteur\/actu-formations\/\/app\/uploads\/sites\/2\/2022\/06\/download.png 225w, https:\/\/evenements.infopro-digital.com\/lemoniteur\/actu-formations\/\/app\/uploads\/sites\/2\/2022\/06\/download-150x150.png 150w\" sizes=\"(max-width: 225px) 100vw, 225px\" \/><\/figure>\n\n\n\n<figure class=\"wp-block-image size-large\"><img loading=\"lazy\" width=\"511\" height=\"172\" src=\"https:\/\/evenements.infopro-digital.com\/lemoniteur\/actu-formations\/\/app\/uploads\/sites\/2\/2022\/06\/AUCHAN.jpg\" alt=\"\" class=\"wp-image-591\" srcset=\"https:\/\/evenements.infopro-digital.com\/lemoniteur\/actu-formations\/\/app\/uploads\/sites\/2\/2022\/06\/AUCHAN.jpg 511w, https:\/\/evenements.infopro-digital.com\/lemoniteur\/actu-formations\/\/app\/uploads\/sites\/2\/2022\/06\/AUCHAN-300x101.jpg 300w, https:\/\/evenements.infopro-digital.com\/lemoniteur\/actu-formations\/\/app\/uploads\/sites\/2\/2022\/06\/AUCHAN-400x135.jpg 400w\" sizes=\"(max-width: 511px) 100vw, 511px\" \/><\/figure>\n\n<\/div>\n<\/div><\/div>","protected":false},"excerpt":{"rendered":"","protected":false},"author":5,"featured_media":0,"parent":233,"menu_order":0,"comment_status":"closed","ping_status":"closed","template":"","meta":[],"yoast_head":"<!-- This site is optimized with the Yoast SEO plugin v18.9 - https:\/\/yoast.com\/wordpress\/plugins\/seo\/ -->\n<title>Nos solutions - Formation Lemoniteur<\/title>\n<meta name=\"robots\" content=\"index, follow, max-snippet:-1, max-image-preview:large, max-video-preview:-1\" \/>\n<link rel=\"canonical\" href=\"https:\/\/evenements.infopro-digital.com\/lemoniteur\/actu-formations\/intra-entreprise-et-sur-mesure\/nos-solutions-intra\/\" \/>\n<meta property=\"og:locale\" content=\"fr_FR\" \/>\n<meta property=\"og:type\" content=\"article\" \/>\n<meta property=\"og:title\" content=\"Nos solutions - Formation Lemoniteur\" \/>\n<meta property=\"og:url\" content=\"https:\/\/evenements.infopro-digital.com\/lemoniteur\/actu-formations\/intra-entreprise-et-sur-mesure\/nos-solutions-intra\/\" \/>\n<meta property=\"og:site_name\" content=\"Formation Lemoniteur\" \/>\n<meta property=\"article:modified_time\" content=\"2025-02-18T16:57:33+00:00\" \/>\n<meta property=\"og:image\" content=\"https:\/\/evenements.infopro-digital.com\/lemoniteur\/actu-formations\/\/app\/uploads\/sites\/2\/2022\/05\/depart-hautsdeseine-898x460-3.png\" \/>\n<meta name=\"twitter:card\" content=\"summary_large_image\" \/>\n<meta name=\"twitter:label1\" content=\"Est. reading time\" \/>\n\t<meta name=\"twitter:data1\" content=\"4 minutes\" \/>\n<script type=\"application\/ld+json\" class=\"yoast-schema-graph\">{\"@context\":\"https:\/\/schema.org\",\"@graph\":[{\"@type\":\"WebSite\",\"@id\":\"https:\/\/evenements.infopro-digital.com\/lemoniteur\/actu-formations\/#website\",\"url\":\"https:\/\/evenements.infopro-digital.com\/lemoniteur\/actu-formations\/\",\"name\":\"Formation Lemoniteur\",\"description\":\"Un site utilisant Les sites de Formation argus\",\"potentialAction\":[{\"@type\":\"SearchAction\",\"target\":{\"@type\":\"EntryPoint\",\"urlTemplate\":\"https:\/\/evenements.infopro-digital.com\/lemoniteur\/actu-formations\/?s={search_term_string}\"},\"query-input\":\"required name=search_term_string\"}],\"inLanguage\":\"fr-FR\"},{\"@type\":\"ImageObject\",\"inLanguage\":\"fr-FR\",\"@id\":\"https:\/\/evenements.infopro-digital.com\/lemoniteur\/actu-formations\/intra-entreprise-et-sur-mesure\/nos-solutions-intra\/#primaryimage\",\"url\":\"https:\/\/evenements.infopro-digital.com\/lemoniteur\/actu-formations\/\/app\/uploads\/sites\/2\/2022\/05\/depart-hautsdeseine-898x460-3.png\",\"contentUrl\":\"https:\/\/evenements.infopro-digital.com\/lemoniteur\/actu-formations\/\/app\/uploads\/sites\/2\/2022\/05\/depart-hautsdeseine-898x460-3.png\",\"width\":898,\"height\":460},{\"@type\":\"WebPage\",\"@id\":\"https:\/\/evenements.infopro-digital.com\/lemoniteur\/actu-formations\/intra-entreprise-et-sur-mesure\/nos-solutions-intra\/#webpage\",\"url\":\"https:\/\/evenements.infopro-digital.com\/lemoniteur\/actu-formations\/intra-entreprise-et-sur-mesure\/nos-solutions-intra\/\",\"name\":\"Nos solutions - Formation Lemoniteur\",\"isPartOf\":{\"@id\":\"https:\/\/evenements.infopro-digital.com\/lemoniteur\/actu-formations\/#website\"},\"primaryImageOfPage\":{\"@id\":\"https:\/\/evenements.infopro-digital.com\/lemoniteur\/actu-formations\/intra-entreprise-et-sur-mesure\/nos-solutions-intra\/#primaryimage\"},\"datePublished\":\"2022-04-08T13:30:01+00:00\",\"dateModified\":\"2025-02-18T16:57:33+00:00\",\"breadcrumb\":{\"@id\":\"https:\/\/evenements.infopro-digital.com\/lemoniteur\/actu-formations\/intra-entreprise-et-sur-mesure\/nos-solutions-intra\/#breadcrumb\"},\"inLanguage\":\"fr-FR\",\"potentialAction\":[{\"@type\":\"ReadAction\",\"target\":[\"https:\/\/evenements.infopro-digital.com\/lemoniteur\/actu-formations\/intra-entreprise-et-sur-mesure\/nos-solutions-intra\/\"]}]},{\"@type\":\"BreadcrumbList\",\"@id\":\"https:\/\/evenements.infopro-digital.com\/lemoniteur\/actu-formations\/intra-entreprise-et-sur-mesure\/nos-solutions-intra\/#breadcrumb\",\"itemListElement\":[{\"@type\":\"ListItem\",\"position\":1,\"name\":\"Accueil\",\"item\":\"https:\/\/evenements.infopro-digital.com\/lemoniteur\/actu-formations\/\"},{\"@type\":\"ListItem\",\"position\":2,\"name\":\"Intra-entreprise et sur-mesure\",\"item\":\"https:\/\/evenements.infopro-digital.com\/lemoniteur\/actu-formations\/intra-entreprise-et-sur-mesure\/\"},{\"@type\":\"ListItem\",\"position\":3,\"name\":\"Nos solutions\"}]}]}<\/script>\n<!-- \/ Yoast SEO plugin. -->","yoast_head_json":{"title":"Nos solutions - Formation Lemoniteur","robots":{"index":"index","follow":"follow","max-snippet":"max-snippet:-1","max-image-preview":"max-image-preview:large","max-video-preview":"max-video-preview:-1"},"canonical":"https:\/\/evenements.infopro-digital.com\/lemoniteur\/actu-formations\/intra-entreprise-et-sur-mesure\/nos-solutions-intra\/","og_locale":"fr_FR","og_type":"article","og_title":"Nos solutions - Formation Lemoniteur","og_url":"https:\/\/evenements.infopro-digital.com\/lemoniteur\/actu-formations\/intra-entreprise-et-sur-mesure\/nos-solutions-intra\/","og_site_name":"Formation Lemoniteur","article_modified_time":"2025-02-18T16:57:33+00:00","og_image":[{"url":"https:\/\/evenements.infopro-digital.com\/lemoniteur\/actu-formations\/\/app\/uploads\/sites\/2\/2022\/05\/depart-hautsdeseine-898x460-3.png"}],"twitter_card":"summary_large_image","twitter_misc":{"Est. reading time":"4 minutes"},"schema":{"@context":"https:\/\/schema.org","@graph":[{"@type":"WebSite","@id":"https:\/\/evenements.infopro-digital.com\/lemoniteur\/actu-formations\/#website","url":"https:\/\/evenements.infopro-digital.com\/lemoniteur\/actu-formations\/","name":"Formation Lemoniteur","description":"Un site utilisant Les sites de Formation argus","potentialAction":[{"@type":"SearchAction","target":{"@type":"EntryPoint","urlTemplate":"https:\/\/evenements.infopro-digital.com\/lemoniteur\/actu-formations\/?s={search_term_string}"},"query-input":"required name=search_term_string"}],"inLanguage":"fr-FR"},{"@type":"ImageObject","inLanguage":"fr-FR","@id":"https:\/\/evenements.infopro-digital.com\/lemoniteur\/actu-formations\/intra-entreprise-et-sur-mesure\/nos-solutions-intra\/#primaryimage","url":"https:\/\/evenements.infopro-digital.com\/lemoniteur\/actu-formations\/\/app\/uploads\/sites\/2\/2022\/05\/depart-hautsdeseine-898x460-3.png","contentUrl":"https:\/\/evenements.infopro-digital.com\/lemoniteur\/actu-formations\/\/app\/uploads\/sites\/2\/2022\/05\/depart-hautsdeseine-898x460-3.png","width":898,"height":460},{"@type":"WebPage","@id":"https:\/\/evenements.infopro-digital.com\/lemoniteur\/actu-formations\/intra-entreprise-et-sur-mesure\/nos-solutions-intra\/#webpage","url":"https:\/\/evenements.infopro-digital.com\/lemoniteur\/actu-formations\/intra-entreprise-et-sur-mesure\/nos-solutions-intra\/","name":"Nos solutions - Formation Lemoniteur","isPartOf":{"@id":"https:\/\/evenements.infopro-digital.com\/lemoniteur\/actu-formations\/#website"},"primaryImageOfPage":{"@id":"https:\/\/evenements.infopro-digital.com\/lemoniteur\/actu-formations\/intra-entreprise-et-sur-mesure\/nos-solutions-intra\/#primaryimage"},"datePublished":"2022-04-08T13:30:01+00:00","dateModified":"2025-02-18T16:57:33+00:00","breadcrumb":{"@id":"https:\/\/evenements.infopro-digital.com\/lemoniteur\/actu-formations\/intra-entreprise-et-sur-mesure\/nos-solutions-intra\/#breadcrumb"},"inLanguage":"fr-FR","potentialAction":[{"@type":"ReadAction","target":["https:\/\/evenements.infopro-digital.com\/lemoniteur\/actu-formations\/intra-entreprise-et-sur-mesure\/nos-solutions-intra\/"]}]},{"@type":"BreadcrumbList","@id":"https:\/\/evenements.infopro-digital.com\/lemoniteur\/actu-formations\/intra-entreprise-et-sur-mesure\/nos-solutions-intra\/#breadcrumb","itemListElement":[{"@type":"ListItem","position":1,"name":"Accueil","item":"https:\/\/evenements.infopro-digital.com\/lemoniteur\/actu-formations\/"},{"@type":"ListItem","position":2,"name":"Intra-entreprise et sur-mesure","item":"https:\/\/evenements.infopro-digital.com\/lemoniteur\/actu-formations\/intra-entreprise-et-sur-mesure\/"},{"@type":"ListItem","position":3,"name":"Nos solutions"}]}]}},"_links":{"self":[{"href":"https:\/\/evenements.infopro-digital.com\/lemoniteur\/actu-formations\/wp-json\/wp\/v2\/pages\/266"}],"collection":[{"href":"https:\/\/evenements.infopro-digital.com\/lemoniteur\/actu-formations\/wp-json\/wp\/v2\/pages"}],"about":[{"href":"https:\/\/evenements.infopro-digital.com\/lemoniteur\/actu-formations\/wp-json\/wp\/v2\/types\/page"}],"author":[{"embeddable":true,"href":"https:\/\/evenements.infopro-digital.com\/lemoniteur\/actu-formations\/wp-json\/wp\/v2\/users\/5"}],"replies":[{"embeddable":true,"href":"https:\/\/evenements.infopro-digital.com\/lemoniteur\/actu-formations\/wp-json\/wp\/v2\/comments?post=266"}],"version-history":[{"count":16,"href":"https:\/\/evenements.infopro-digital.com\/lemoniteur\/actu-formations\/wp-json\/wp\/v2\/pages\/266\/revisions"}],"predecessor-version":[{"id":1042,"href":"https:\/\/evenements.infopro-digital.com\/lemoniteur\/actu-formations\/wp-json\/wp\/v2\/pages\/266\/revisions\/1042"}],"up":[{"embeddable":true,"href":"https:\/\/evenements.infopro-digital.com\/lemoniteur\/actu-formations\/wp-json\/wp\/v2\/pages\/233"}],"wp:attachment":[{"href":"https:\/\/evenements.infopro-digital.com\/lemoniteur\/actu-formations\/wp-json\/wp\/v2\/media?parent=266"}],"curies":[{"name":"wp","href":"https:\/\/api.w.org\/{rel}","templated":true}]}}