{"id":239,"date":"2022-04-08T15:00:54","date_gmt":"2022-04-08T13:00:54","guid":{"rendered":"https:\/\/evenements.infopro-digital.com\/lemoniteur\/actu-formations\/?page_id=239"},"modified":"2022-05-13T15:47:07","modified_gmt":"2022-05-13T13:47:07","slug":"actualites","status":"publish","type":"page","link":"https:\/\/evenements.infopro-digital.com\/lemoniteur\/actu-formations\/actualites\/","title":{"rendered":"Actualit\u00e9s"},"content":{"rendered":"<div  class=\"strate alignfull has-background-color-opacity-100\" style=\" background-position: 50% 50%;\"><div class=\"centrage\">\n<div class=\"has-3-columns wp-block-columns wp-block-columns-shortcode\"><div class=\"wp-block-column\"><section class=\"card-simple has-background has-white-background-color has-box-shadow card-simple--equal-height is-lien\" style=\"box-shadow:0px 8px 16px  rgba(0,0,0,0.2);\"><a href=\"https:\/\/evenements.infopro-digital.com\/lemoniteur\/actu-formations\/2026\/02\/04\/replay-webinaire-comment-tirer-profit-de-lintelligence-artificielle-tout-au-long-du-cycle-de-vie-des-batiments-1er-fevrier-2024\/\" class=\"card-simple__wrapper-lien\"><div itemscope itemtype=\"https:\/\/schema.org\/ImageObject\" class=\"card-simple__cont-img card-simple__cont-img--\" style=\"background-image: url(https:\/\/evenements.infopro-digital.com\/lemoniteur\/actu-formations\/\/app\/uploads\/sites\/2\/2022\/04\/Sans-titre-2-1200x2271.jpg)\"><meta itemprop=\"contentUrl\" content=\"https:\/\/evenements.infopro-digital.com\/lemoniteur\/actu-formations\/\/app\/uploads\/sites\/2\/2022\/04\/Sans-titre-2-1200x2271.jpg\"\/><\/div><div class=\"card-simple__cont-infos\"><time class=\"card-simple__date\" datetime=\"2026-02-04T09:06:00+01:00\">4 f\u00e9vrier 2026<\/time><h3 class=\"card-simple__titre \">[Replay Webinaire] Mettre en \u0153uvre une strat\u00e9gie de sobri\u00e9t\u00e9 fonci\u00e8re \u00e0 l\u2019aide de m\u00e9thodes adapt\u00e9es<\/h3><div class=\"card-simple__content\"><p>L\u2019artificialisation des sols a contribu\u00e9 \u00e0 d\u00e9grader notre environnement, comme notamment la contribution au r\u00e9chauffement climatique, perte de la biodiversit\u00e9,&hellip;<\/p><\/div><\/div><\/a><\/section><\/div><div class=\"wp-block-column\"><section class=\"card-simple has-background has-white-background-color has-box-shadow card-simple--equal-height is-lien\" style=\"box-shadow:0px 8px 16px  rgba(0,0,0,0.2);\"><a href=\"https:\/\/evenements.infopro-digital.com\/lemoniteur\/actu-formations\/2025\/07\/02\/replay-webinaire-construction-modulaire-et-hors-site-une-evolution-majeure-dans-le-secteur-du-btp\/\" class=\"card-simple__wrapper-lien\"><div itemscope itemtype=\"https:\/\/schema.org\/ImageObject\" class=\"card-simple__cont-img card-simple__cont-img--\" style=\"background-image: url(https:\/\/evenements.infopro-digital.com\/lemoniteur\/actu-formations\/\/app\/uploads\/sites\/2\/2025\/07\/Capture.jpg)\"><meta itemprop=\"contentUrl\" content=\"https:\/\/evenements.infopro-digital.com\/lemoniteur\/actu-formations\/\/app\/uploads\/sites\/2\/2025\/07\/Capture.jpg\"\/><\/div><div class=\"card-simple__cont-infos\"><time class=\"card-simple__date\" datetime=\"2025-07-02T14:15:09+02:00\">2 juillet 2025<\/time><h3 class=\"card-simple__titre \">[Replay Webinaire] Construction modulaire et hors site : une \u00e9volution majeure dans le secteur du BTP<\/h3><div class=\"card-simple__content\"><p>La construction hors-site et la construction modulaire progressent rapidement : en France, il pourrait atteindre 2,8 milliards d\u2019euros en 2030&hellip;<\/p><\/div><\/div><\/a><\/section><\/div><div class=\"wp-block-column\"><section class=\"card-simple has-background has-white-background-color has-box-shadow card-simple--equal-height is-lien\" style=\"box-shadow:0px 8px 16px  rgba(0,0,0,0.2);\"><a href=\"https:\/\/evenements.infopro-digital.com\/lemoniteur\/actu-formations\/2025\/06\/13\/replay-webinaire-decret-tertiaire-efficience-conformite-et-optimisation-financiere-de-votre-parc-ou-batiment\/\" class=\"card-simple__wrapper-lien\"><div itemscope itemtype=\"https:\/\/schema.org\/ImageObject\" class=\"card-simple__cont-img card-simple__cont-img--\" style=\"background-image: url(https:\/\/evenements.infopro-digital.com\/lemoniteur\/actu-formations\/\/app\/uploads\/sites\/2\/2025\/06\/Capture-1200x719.jpg)\"><meta itemprop=\"contentUrl\" content=\"https:\/\/evenements.infopro-digital.com\/lemoniteur\/actu-formations\/\/app\/uploads\/sites\/2\/2025\/06\/Capture-1200x719.jpg\"\/><\/div><div class=\"card-simple__cont-infos\"><time class=\"card-simple__date\" datetime=\"2025-06-13T14:47:29+02:00\">13 juin 2025<\/time><h3 class=\"card-simple__titre \">[Replay Webinaire] DECRET TERTIAIRE : Efficience, conformit\u00e9 et optimisation financi\u00e8re de votre parc ou b\u00e2timent<\/h3><div class=\"card-simple__content\"><p>Nous sommes \u00e0 l\u2019\u00e8re de la prise de conscience du d\u00e9r\u00e8glement climatique. Face \u00e0 ces enjeux, l\u2019UE a \u0153uvr\u00e9 et&hellip;<\/p><\/div><\/div><\/a><\/section><\/div><\/div><div class=\"has-3-columns wp-block-columns wp-block-columns-shortcode\"><div class=\"wp-block-column\"><section class=\"card-simple has-background has-white-background-color has-box-shadow card-simple--equal-height is-lien\" style=\"box-shadow:0px 8px 16px  rgba(0,0,0,0.2);\"><a href=\"https:\/\/evenements.infopro-digital.com\/lemoniteur\/actu-formations\/2025\/03\/12\/construction_re2028\/\" class=\"card-simple__wrapper-lien\"><div itemscope itemtype=\"https:\/\/schema.org\/ImageObject\" class=\"card-simple__cont-img card-simple__cont-img--\" style=\"background-image: url(https:\/\/evenements.infopro-digital.com\/lemoniteur\/actu-formations\/\/app\/uploads\/sites\/2\/2025\/03\/Capture_1.jpg)\"><meta itemprop=\"contentUrl\" content=\"https:\/\/evenements.infopro-digital.com\/lemoniteur\/actu-formations\/\/app\/uploads\/sites\/2\/2025\/03\/Capture_1.jpg\"\/><\/div><div class=\"card-simple__cont-infos\"><time class=\"card-simple__date\" datetime=\"2025-03-12T13:48:51+01:00\">12 mars 2025<\/time><h3 class=\"card-simple__titre \">[Replay Webinaire] Construction RE2028 : relier efficacit\u00e9 \u00e9nerg\u00e9tique et efficacit\u00e9 \u00e9conomique<\/h3><div class=\"card-simple__content\"><p>SLes nouveaux seuils RE2025 et RE2028 imposent des exigences accrues en mati\u00e8re d&rsquo;efficacit\u00e9 \u00e9nerg\u00e9tique et de r\u00e9duction des \u00e9missions de&hellip;<\/p><\/div><\/div><\/a><\/section><\/div><div class=\"wp-block-column\"><section class=\"card-simple has-background has-white-background-color has-box-shadow card-simple--equal-height is-lien\" style=\"box-shadow:0px 8px 16px  rgba(0,0,0,0.2);\"><a href=\"https:\/\/evenements.infopro-digital.com\/lemoniteur\/actu-formations\/2025\/03\/07\/replay-webinaire-appliquer-les-differentes-techniques-de-division-fonciere-dans-les-projets-immobiliers\/\" class=\"card-simple__wrapper-lien\"><div itemscope itemtype=\"https:\/\/schema.org\/ImageObject\" class=\"card-simple__cont-img card-simple__cont-img--\" style=\"background-image: url(https:\/\/evenements.infopro-digital.com\/lemoniteur\/actu-formations\/\/app\/uploads\/sites\/2\/2025\/03\/Capture.jpg)\"><meta itemprop=\"contentUrl\" content=\"https:\/\/evenements.infopro-digital.com\/lemoniteur\/actu-formations\/\/app\/uploads\/sites\/2\/2025\/03\/Capture.jpg\"\/><\/div><div class=\"card-simple__cont-infos\"><time class=\"card-simple__date\" datetime=\"2025-03-07T15:58:08+01:00\">7 mars 2025<\/time><h3 class=\"card-simple__titre \">[Replay Webinaire] Appliquer les diff\u00e9rentes techniques de division fonci\u00e8re dans les projets immobiliers<\/h3><div class=\"card-simple__content\"><p>Souhaitez-vous appr\u00e9hender les diff\u00e9rentes techniques de la division fonci\u00e8re pour maximiser l\u2019utilisation d\u2019un terrain ? Voulez-vous exploiter tout son potentiel&hellip;<\/p><\/div><\/div><\/a><\/section><\/div><div class=\"wp-block-column\"><section class=\"card-simple has-background has-white-background-color has-box-shadow card-simple--equal-height is-lien\" style=\"box-shadow:0px 8px 16px  rgba(0,0,0,0.2);\"><a href=\"https:\/\/evenements.infopro-digital.com\/lemoniteur\/actu-formations\/2024\/10\/10\/replay-webinaire-surelevation-sans-demolition-panorama-retours-dexperience-perspectives\/\" class=\"card-simple__wrapper-lien\"><div itemscope itemtype=\"https:\/\/schema.org\/ImageObject\" class=\"card-simple__cont-img card-simple__cont-img--\" style=\"background-image: url(https:\/\/evenements.infopro-digital.com\/lemoniteur\/actu-formations\/\/app\/uploads\/sites\/2\/2024\/10\/Capture.jpg)\"><meta itemprop=\"contentUrl\" content=\"https:\/\/evenements.infopro-digital.com\/lemoniteur\/actu-formations\/\/app\/uploads\/sites\/2\/2024\/10\/Capture.jpg\"\/><\/div><div class=\"card-simple__cont-infos\"><time class=\"card-simple__date\" datetime=\"2024-10-10T13:34:36+02:00\">10 octobre 2024<\/time><h3 class=\"card-simple__titre \">[Replay Webinaire] Sur\u00e9l\u00e9vation sans d\u00e9molition : panorama, retours d&rsquo;exp\u00e9rience &amp; perspectives<\/h3><div class=\"card-simple__content\"><p>Sur\u00e9l\u00e9vation sans d\u00e9molition : panorama, retours d&rsquo;exp\u00e9rience &amp; perspectives<\/p><\/div><\/div><\/a><\/section><\/div><\/div><div class=\"has-3-columns wp-block-columns wp-block-columns-shortcode\"><div class=\"wp-block-column\"><section class=\"card-simple has-background has-white-background-color has-box-shadow card-simple--equal-height is-lien\" style=\"box-shadow:0px 8px 16px  rgba(0,0,0,0.2);\"><a href=\"https:\/\/evenements.infopro-digital.com\/lemoniteur\/actu-formations\/2024\/07\/05\/replay-webinaire-au-dela-des-competences-metiers-comment-faire-la-difference-dans-mon-developpement-immobilier\/\" class=\"card-simple__wrapper-lien\"><div itemscope itemtype=\"https:\/\/schema.org\/ImageObject\" class=\"card-simple__cont-img card-simple__cont-img--\" style=\"background-image: url(https:\/\/evenements.infopro-digital.com\/lemoniteur\/actu-formations\/\/app\/uploads\/sites\/2\/2024\/06\/Capture-1-1200x595.jpg)\"><meta itemprop=\"contentUrl\" content=\"https:\/\/evenements.infopro-digital.com\/lemoniteur\/actu-formations\/\/app\/uploads\/sites\/2\/2024\/06\/Capture-1-1200x595.jpg\"\/><\/div><div class=\"card-simple__cont-infos\"><time class=\"card-simple__date\" datetime=\"2024-07-05T09:24:52+02:00\">5 juillet 2024<\/time><h3 class=\"card-simple__titre \">[Replay Webinaire] Au del\u00e0 des comp\u00e9tences m\u00e9tiers, comment faire la diff\u00e9rence dans mon d\u00e9veloppement immobilier ?<\/h3><div class=\"card-simple__content\"><p>Replay du webinaire du &lsquo; juillet 2024 Dans un march\u00e9 toujours plus concurrentiel, il est indispensable de faire la diff\u00e9rence.&hellip;<\/p><\/div><\/div><\/a><\/section><\/div><div class=\"wp-block-column\"><section class=\"card-simple has-background has-white-background-color has-box-shadow card-simple--equal-height is-lien\" style=\"box-shadow:0px 8px 16px  rgba(0,0,0,0.2);\"><a href=\"https:\/\/evenements.infopro-digital.com\/lemoniteur\/actu-formations\/2024\/06\/10\/replay-webinairetransformation-des-usages-des-batiments-du-bureau-au-logement-comment-reinventer-lespace\/\" class=\"card-simple__wrapper-lien\"><div itemscope itemtype=\"https:\/\/schema.org\/ImageObject\" class=\"card-simple__cont-img card-simple__cont-img--\" style=\"background-image: url(https:\/\/evenements.infopro-digital.com\/lemoniteur\/actu-formations\/\/app\/uploads\/sites\/2\/2024\/06\/Capture-1-1200x595.jpg)\"><meta itemprop=\"contentUrl\" content=\"https:\/\/evenements.infopro-digital.com\/lemoniteur\/actu-formations\/\/app\/uploads\/sites\/2\/2024\/06\/Capture-1-1200x595.jpg\"\/><\/div><div class=\"card-simple__cont-infos\"><time class=\"card-simple__date\" datetime=\"2024-06-10T08:58:35+02:00\">10 juin 2024<\/time><h3 class=\"card-simple__titre \">[Replay Webinaire]Transformation des usages des b\u00e2timents &#8211; Du bureau au logement : comment r\u00e9inventer l\u2019espace<\/h3><div class=\"card-simple__content\"><p>Replay du webinaire du 7 juin 2024 La transformation des b\u00e2timents \u00e9merge comme une r\u00e9ponse innovante aux enjeux actuels. Elle&hellip;<\/p><\/div><\/div><\/a><\/section><\/div><div class=\"wp-block-column\"><section class=\"card-simple has-background has-white-background-color has-box-shadow card-simple--equal-height is-lien\" style=\"box-shadow:0px 8px 16px  rgba(0,0,0,0.2);\"><a href=\"https:\/\/evenements.infopro-digital.com\/lemoniteur\/actu-formations\/2024\/03\/11\/replay-webinaire-economie-circulaire-dans-la-construction-ou-en-est-on-8-mars-2024\/\" class=\"card-simple__wrapper-lien\"><div itemscope itemtype=\"https:\/\/schema.org\/ImageObject\" class=\"card-simple__cont-img card-simple__cont-img--\" style=\"background-image: url(https:\/\/evenements.infopro-digital.com\/lemoniteur\/actu-formations\/\/app\/uploads\/sites\/2\/2022\/04\/Sans-titre-2-1200x2271.jpg)\"><meta itemprop=\"contentUrl\" content=\"https:\/\/evenements.infopro-digital.com\/lemoniteur\/actu-formations\/\/app\/uploads\/sites\/2\/2022\/04\/Sans-titre-2-1200x2271.jpg\"\/><\/div><div class=\"card-simple__cont-infos\"><time class=\"card-simple__date\" datetime=\"2024-03-11T09:50:38+01:00\">11 mars 2024<\/time><h3 class=\"card-simple__titre \">[Replay Webinaire] Economie circulaire dans la construction, o\u00f9 en est-on ? (8 mars 2024)<\/h3><div class=\"card-simple__content\"><p>L\u2019\u00e9conomie circulaire dans la construction s\u2019impose depuis ces derni\u00e8res ann\u00e9es comme un mod\u00e8le audacieux dans l\u2019acte de construire. Le concept&hellip;<\/p><\/div><\/div><\/a><\/section><\/div><\/div><div class=\"has-3-columns wp-block-columns wp-block-columns-shortcode\"><div class=\"wp-block-column\"><section class=\"card-simple has-background has-white-background-color has-box-shadow card-simple--equal-height is-lien\" style=\"box-shadow:0px 8px 16px  rgba(0,0,0,0.2);\"><a href=\"https:\/\/evenements.infopro-digital.com\/lemoniteur\/actu-formations\/2023\/12\/04\/replay-webinaire-impacts-de-la-taxonomie-europeenne-sur-les-acteurs-de-limmobilier-1er-decembre-2023\/\" class=\"card-simple__wrapper-lien\"><div itemscope itemtype=\"https:\/\/schema.org\/ImageObject\" class=\"card-simple__cont-img card-simple__cont-img--\" style=\"background-image: url(https:\/\/evenements.infopro-digital.com\/lemoniteur\/actu-formations\/\/app\/uploads\/sites\/2\/2022\/04\/Sans-titre-2-1200x2271.jpg)\"><meta itemprop=\"contentUrl\" content=\"https:\/\/evenements.infopro-digital.com\/lemoniteur\/actu-formations\/\/app\/uploads\/sites\/2\/2022\/04\/Sans-titre-2-1200x2271.jpg\"\/><\/div><div class=\"card-simple__cont-infos\"><time class=\"card-simple__date\" datetime=\"2023-12-04T10:24:50+01:00\">4 d\u00e9cembre 2023<\/time><h3 class=\"card-simple__titre \">[Replay Webinaire] Impacts de la taxonomie europ\u00e9enne sur les acteurs de l&rsquo;immobilier (1er d\u00e9cembre 2023)<\/h3><div class=\"card-simple__content\"><p>La Taxonomie europ\u00e9enne est un r\u00e9f\u00e9rentiel de classification des activit\u00e9s \u00e9conomiques durables selon des crit\u00e8res techniques permettant d\u2019\u00e9valuer l\u2019alignement des&hellip;<\/p><\/div><\/div><\/a><\/section><\/div><div class=\"wp-block-column\"><section class=\"card-simple has-background has-white-background-color has-box-shadow card-simple--equal-height is-lien\" style=\"box-shadow:0px 8px 16px  rgba(0,0,0,0.2);\"><a href=\"https:\/\/evenements.infopro-digital.com\/lemoniteur\/actu-formations\/2023\/10\/01\/replay-webinaire-les-cles-dun-cpf-co-construit-reussi-29-09-2023\/\" class=\"card-simple__wrapper-lien\"><div itemscope itemtype=\"https:\/\/schema.org\/ImageObject\" class=\"card-simple__cont-img card-simple__cont-img--\" style=\"background-image: url(https:\/\/evenements.infopro-digital.com\/lemoniteur\/actu-formations\/\/app\/uploads\/sites\/2\/2022\/04\/Sans-titre-2-1200x2271.jpg)\"><meta itemprop=\"contentUrl\" content=\"https:\/\/evenements.infopro-digital.com\/lemoniteur\/actu-formations\/\/app\/uploads\/sites\/2\/2022\/04\/Sans-titre-2-1200x2271.jpg\"\/><\/div><div class=\"card-simple__cont-infos\"><time class=\"card-simple__date\" datetime=\"2023-10-01T17:37:37+02:00\">1 octobre 2023<\/time><h3 class=\"card-simple__titre \">[Replay Webinaire] Les cl\u00e9s d&rsquo;un CPF co-construit r\u00e9ussi (29\/09\/2023)<\/h3><div class=\"card-simple__content\"><p>La loi de finances 2023 a instaur\u00e9 un reste \u00e0 charge pour les salari\u00e9s qui souhaitent mobiliser leur CPF pour&hellip;<\/p><\/div><\/div><\/a><\/section><\/div><div class=\"wp-block-column\"><section class=\"card-simple has-background has-white-background-color has-box-shadow card-simple--equal-height is-lien\" style=\"box-shadow:0px 8px 16px  rgba(0,0,0,0.2);\"><a href=\"https:\/\/evenements.infopro-digital.com\/lemoniteur\/actu-formations\/2023\/07\/13\/replay-webinaire-retours-dexperience-les-10-erreurs-a-ne-pas-faire-lors-de-la-mise-en-oeuvre-du-decret-tertiaire-pour-des-batiments-performants\/\" class=\"card-simple__wrapper-lien\"><div itemscope itemtype=\"https:\/\/schema.org\/ImageObject\" class=\"card-simple__cont-img card-simple__cont-img--\" style=\"background-image: url(https:\/\/evenements.infopro-digital.com\/lemoniteur\/actu-formations\/\/app\/uploads\/sites\/2\/2022\/04\/Sans-titre-2-1200x2271.jpg)\"><meta itemprop=\"contentUrl\" content=\"https:\/\/evenements.infopro-digital.com\/lemoniteur\/actu-formations\/\/app\/uploads\/sites\/2\/2022\/04\/Sans-titre-2-1200x2271.jpg\"\/><\/div><div class=\"card-simple__cont-infos\"><time class=\"card-simple__date\" datetime=\"2023-07-13T14:00:28+02:00\">13 juillet 2023<\/time><h3 class=\"card-simple__titre \">[Replay Webinaire] Retours d\u2019exp\u00e9rience : les 10 erreurs \u00e0 ne pas faire lors de la mise en \u0153uvre du d\u00e9cret tertiaire pour des b\u00e2timents performants<\/h3><div class=\"card-simple__content\"><p>Six mois apr\u00e8s le dernier d\u00e9lai pour effectuer les d\u00e9clarations OPERAT, les premiers retours d&rsquo;exp\u00e9rience se dessinent. Quelles sont les&hellip;<\/p><\/div><\/div><\/a><\/section><\/div><\/div><div class=\"has-3-columns wp-block-columns wp-block-columns-shortcode\"><div class=\"wp-block-column\"><section class=\"card-simple has-background has-white-background-color has-box-shadow card-simple--equal-height is-lien\" style=\"box-shadow:0px 8px 16px  rgba(0,0,0,0.2);\"><a href=\"https:\/\/evenements.infopro-digital.com\/lemoniteur\/actu-formations\/2023\/04\/21\/replay-webinaire-la-ventilation-element-cle-pour-des-batiments-performants\/\" class=\"card-simple__wrapper-lien\"><div itemscope itemtype=\"https:\/\/schema.org\/ImageObject\" class=\"card-simple__cont-img card-simple__cont-img--\" style=\"background-image: url(https:\/\/evenements.infopro-digital.com\/lemoniteur\/actu-formations\/\/app\/uploads\/sites\/2\/2023\/04\/Ventilation.jpg)\"><meta itemprop=\"contentUrl\" content=\"https:\/\/evenements.infopro-digital.com\/lemoniteur\/actu-formations\/\/app\/uploads\/sites\/2\/2023\/04\/Ventilation.jpg\"\/><\/div><div class=\"card-simple__cont-infos\"><time class=\"card-simple__date\" datetime=\"2023-04-21T14:33:45+02:00\">21 avril 2023<\/time><h3 class=\"card-simple__titre \">[Replay Webinaire] La ventilation, \u00e9l\u00e9ment cl\u00e9 pour des b\u00e2timents performants<\/h3><div class=\"card-simple__content\"><p>L\u2019impact sanitaire de la pollution de l\u2019air fait chaque ann\u00e9e toujours plus de victimes.Face \u00e0 ce constat, les professionnels du&hellip;<\/p><\/div><\/div><\/a><\/section><\/div><div class=\"wp-block-column\"><section class=\"card-simple has-background has-white-background-color has-box-shadow card-simple--equal-height is-lien\" style=\"box-shadow:0px 8px 16px  rgba(0,0,0,0.2);\"><a href=\"https:\/\/evenements.infopro-digital.com\/lemoniteur\/actu-formations\/2023\/04\/14\/replay-webinaire-decarbonation-du-batiment-a-lhorizon-2050-osons-et-imaginons\/\" class=\"card-simple__wrapper-lien\"><div itemscope itemtype=\"https:\/\/schema.org\/ImageObject\" class=\"card-simple__cont-img card-simple__cont-img--\" style=\"background-image: url(https:\/\/evenements.infopro-digital.com\/lemoniteur\/actu-formations\/\/app\/uploads\/sites\/2\/2023\/04\/Decarbonation-1200x960.png)\"><meta itemprop=\"contentUrl\" content=\"https:\/\/evenements.infopro-digital.com\/lemoniteur\/actu-formations\/\/app\/uploads\/sites\/2\/2023\/04\/Decarbonation-1200x960.png\"\/><\/div><div class=\"card-simple__cont-infos\"><time class=\"card-simple__date\" datetime=\"2023-04-14T15:56:50+02:00\">14 avril 2023<\/time><h3 class=\"card-simple__titre \">[Replay Webinaire] D\u00e9carbonation du b\u00e2timent \u00e0 l&rsquo;horizon 2050 : osons et imaginons !<\/h3><div class=\"card-simple__content\"><p>Apr\u00e8s le \u00ab z\u00e9ro \u00e9nergie \u00bb de la RE2020, nous allons tous vers le z\u00e9ro carbone\u2026 C\u2019est la th\u00e9orie de&hellip;<\/p><\/div><\/div><\/a><\/section><\/div><div class=\"wp-block-column\"><section class=\"card-simple has-background has-white-background-color has-box-shadow card-simple--equal-height is-lien\" style=\"box-shadow:0px 8px 16px  rgba(0,0,0,0.2);\"><a href=\"https:\/\/evenements.infopro-digital.com\/lemoniteur\/actu-formations\/2022\/12\/01\/replay-webinaire-decret-tertiaire-10-points-clefs-pour-tout-comprendre\/\" class=\"card-simple__wrapper-lien\"><div itemscope itemtype=\"https:\/\/schema.org\/ImageObject\" class=\"card-simple__cont-img card-simple__cont-img--\" style=\"background-image: url(https:\/\/evenements.infopro-digital.com\/lemoniteur\/actu-formations\/\/app\/uploads\/sites\/2\/2022\/11\/iStock-635732164-1200x800.jpg)\"><meta itemprop=\"contentUrl\" content=\"https:\/\/evenements.infopro-digital.com\/lemoniteur\/actu-formations\/\/app\/uploads\/sites\/2\/2022\/11\/iStock-635732164-1200x800.jpg\"\/><\/div><div class=\"card-simple__cont-infos\"><time class=\"card-simple__date\" datetime=\"2022-12-01T15:27:19+01:00\">1 d\u00e9cembre 2022<\/time><h3 class=\"card-simple__titre \">[Replay Webinaire] D\u00e9cret tertiaire : 10 points clefs pour tout comprendre<\/h3><div class=\"card-simple__content\"><p>La loi ELAN a fix\u00e9 des objectifs ambitieux de r\u00e9duction de la consommation d\u2019\u00e9nergie finale pour les b\u00e2timents \u00e0 usage&hellip;<\/p><\/div><\/div><\/a><\/section><\/div><\/div><div class=\"has-3-columns wp-block-columns wp-block-columns-shortcode\"><div class=\"wp-block-column\"><section class=\"card-simple has-background has-white-background-color has-box-shadow card-simple--equal-height is-lien\" style=\"box-shadow:0px 8px 16px  rgba(0,0,0,0.2);\"><a href=\"https:\/\/evenements.infopro-digital.com\/lemoniteur\/actu-formations\/2022\/11\/24\/replay-webinaire-apprehender-le-montage-de-projet-en-brs\/\" class=\"card-simple__wrapper-lien\"><div itemscope itemtype=\"https:\/\/schema.org\/ImageObject\" class=\"card-simple__cont-img card-simple__cont-img--\" style=\"background-image: url(https:\/\/evenements.infopro-digital.com\/lemoniteur\/actu-formations\/\/app\/uploads\/sites\/2\/2022\/11\/iStock-635732164-1200x800.jpg)\"><meta itemprop=\"contentUrl\" content=\"https:\/\/evenements.infopro-digital.com\/lemoniteur\/actu-formations\/\/app\/uploads\/sites\/2\/2022\/11\/iStock-635732164-1200x800.jpg\"\/><\/div><div class=\"card-simple__cont-infos\"><time class=\"card-simple__date\" datetime=\"2022-11-24T10:49:00+01:00\">24 novembre 2022<\/time><h3 class=\"card-simple__titre \">[Replay Webinaire] Appr\u00e9hender le montage de projet en BRS<\/h3><div class=\"card-simple__content\"><p>L\u2019offre ne cesse de s\u2019\u00e9largir pour le nouveau dispositif d\u2019achat immobilier, le bail r\u00e9el solidaire (BRS). Pour rendre l\u2019acc\u00e8s \u00e0&hellip;<\/p><\/div><\/div><\/a><\/section><\/div><div class=\"wp-block-column\"><section class=\"card-simple has-background has-white-background-color has-box-shadow card-simple--equal-height is-lien\" style=\"box-shadow:0px 8px 16px  rgba(0,0,0,0.2);\"><a href=\"https:\/\/evenements.infopro-digital.com\/lemoniteur\/actu-formations\/2022\/11\/09\/replay-webinaire-estimation-des-couts-de-construction-gagner-du-temps-dans-les-chiffrages-et-suivre-vos-indicateurs-cles\/\" class=\"card-simple__wrapper-lien\"><div itemscope itemtype=\"https:\/\/schema.org\/ImageObject\" class=\"card-simple__cont-img card-simple__cont-img--\" style=\"background-image: url(https:\/\/evenements.infopro-digital.com\/lemoniteur\/actu-formations\/\/app\/uploads\/sites\/2\/2022\/11\/iStock-635732164-1200x800.jpg)\"><meta itemprop=\"contentUrl\" content=\"https:\/\/evenements.infopro-digital.com\/lemoniteur\/actu-formations\/\/app\/uploads\/sites\/2\/2022\/11\/iStock-635732164-1200x800.jpg\"\/><\/div><div class=\"card-simple__cont-infos\"><time class=\"card-simple__date\" datetime=\"2022-11-09T11:05:49+01:00\">9 novembre 2022<\/time><h3 class=\"card-simple__titre \">[Replay Webinaire] Estimation des co\u00fbts de construction : gagner du temps dans les chiffrages et suivre vos indicateurs cl\u00e9s<\/h3><div class=\"card-simple__content\"><p>Avec la hausse des prix des mat\u00e9riaux, l\u2019estimation des co\u00fbts des travaux devient une \u00e9tape encore plus difficile et complexe&hellip;<\/p><\/div><\/div><\/a><\/section><\/div><div class=\"wp-block-column\"><section class=\"card-simple has-background has-white-background-color has-box-shadow card-simple--equal-height is-lien\" style=\"box-shadow:0px 8px 16px  rgba(0,0,0,0.2);\"><a href=\"https:\/\/evenements.infopro-digital.com\/lemoniteur\/actu-formations\/2022\/06\/24\/replay-webinaire-collecte-recyclage-et-reemploi-des-dechets-issus-du-batiment-comment-batir-une-filiere-performante\/\" class=\"card-simple__wrapper-lien\"><div itemscope itemtype=\"https:\/\/schema.org\/ImageObject\" class=\"card-simple__cont-img card-simple__cont-img--\" style=\"background-image: url(https:\/\/evenements.infopro-digital.com\/lemoniteur\/actu-formations\/\/app\/uploads\/sites\/2\/2022\/06\/Sans-titre.png)\"><meta itemprop=\"contentUrl\" content=\"https:\/\/evenements.infopro-digital.com\/lemoniteur\/actu-formations\/\/app\/uploads\/sites\/2\/2022\/06\/Sans-titre.png\"\/><\/div><div class=\"card-simple__cont-infos\"><time class=\"card-simple__date\" datetime=\"2022-06-24T14:31:54+02:00\">24 juin 2022<\/time><h3 class=\"card-simple__titre \">[Replay Webinaire] Collecte, recyclage et r\u00e9emploi des d\u00e9chets issus du b\u00e2timent : comment b\u00e2tir une fili\u00e8re performante<\/h3><div class=\"card-simple__content\"><p>La fili\u00e8re de Responsabilit\u00e9 Elargie du Producteur (REP) pour les Produits et les Mat\u00e9riaux de Construction du secteur du B\u00e2timent&hellip;<\/p><\/div><\/div><\/a><\/section><\/div><\/div><div class=\"has-3-columns wp-block-columns wp-block-columns-shortcode\"><div class=\"wp-block-column\"><section class=\"card-simple has-background has-white-background-color has-box-shadow card-simple--equal-height is-lien\" style=\"box-shadow:0px 8px 16px  rgba(0,0,0,0.2);\"><a href=\"https:\/\/evenements.infopro-digital.com\/lemoniteur\/actu-formations\/2022\/05\/18\/webinaire-bim-et-smart-building-en-phase-dexploitation-quelles-solutions\/\" class=\"card-simple__wrapper-lien\"><div itemscope itemtype=\"https:\/\/schema.org\/ImageObject\" class=\"card-simple__cont-img card-simple__cont-img--\" style=\"background-image: url(https:\/\/evenements.infopro-digital.com\/lemoniteur\/actu-formations\/\/app\/uploads\/sites\/2\/2022\/05\/AdobeStock_86841904_S-1200x857.jpg)\"><meta itemprop=\"contentUrl\" content=\"https:\/\/evenements.infopro-digital.com\/lemoniteur\/actu-formations\/\/app\/uploads\/sites\/2\/2022\/05\/AdobeStock_86841904_S-1200x857.jpg\"\/><\/div><div class=\"card-simple__cont-infos\"><time class=\"card-simple__date\" datetime=\"2022-05-18T11:50:18+02:00\">18 mai 2022<\/time><h3 class=\"card-simple__titre \">[Replay Webinaire] BIM et smart building en phase d\u2019exploitation : quelles solutions ?<\/h3><div class=\"card-simple__content\"><p>Le BIM associ\u00e9 au smart building r\u00e9volutionnent l\u2019exploitation des actifs immobiliers. De nouvelles solutions informatiques viennent faire le lien entre&hellip;<\/p><\/div><\/div><\/a><\/section><\/div><div class=\"wp-block-column\"><section class=\"card-simple has-background has-white-background-color has-box-shadow card-simple--equal-height is-lien\" style=\"box-shadow:0px 8px 16px  rgba(0,0,0,0.2);\"><a href=\"https:\/\/evenements.infopro-digital.com\/lemoniteur\/actu-formations\/2022\/04\/22\/webinaire-formation-continue-des-architectes-etre-en-conformite\/\" class=\"card-simple__wrapper-lien\"><div itemscope itemtype=\"https:\/\/schema.org\/ImageObject\" class=\"card-simple__cont-img card-simple__cont-img--\" style=\"background-image: url(https:\/\/evenements.infopro-digital.com\/lemoniteur\/actu-formations\/\/app\/uploads\/sites\/2\/2022\/05\/Sans-titre-900-\u00d7-1703-px-1100-\u00d7-1703-px-2-2.png)\"><meta itemprop=\"contentUrl\" content=\"https:\/\/evenements.infopro-digital.com\/lemoniteur\/actu-formations\/\/app\/uploads\/sites\/2\/2022\/05\/Sans-titre-900-\u00d7-1703-px-1100-\u00d7-1703-px-2-2.png\"\/><\/div><div class=\"card-simple__cont-infos\"><time class=\"card-simple__date\" datetime=\"2022-04-22T10:55:00+02:00\">22 avril 2022<\/time><h3 class=\"card-simple__titre \">[Replay Webinaire]  Biodiversit\u00e9 et projets immobiliers<\/h3><div class=\"card-simple__content\"><p>Projets immobiliers : attention \u00e0 la biodiversit\u00e9 ! Si l\u2019environnement a longtemps \u00e9t\u00e9 n\u00e9glig\u00e9 au sein des projets d\u2019am\u00e9nagement urbains&hellip;<\/p><\/div><\/div><\/a><\/section><\/div><div class=\"wp-block-column\"><section class=\"card-simple has-background has-white-background-color has-box-shadow card-simple--equal-height is-lien\" style=\"box-shadow:0px 8px 16px  rgba(0,0,0,0.2);\"><a href=\"https:\/\/evenements.infopro-digital.com\/lemoniteur\/actu-formations\/2022\/03\/25\/retour-sur-notre-evenement-formateurs-%f0%9d%90%84%f0%9d%90%ac%f0%9d%90%a9%f0%9d%90%9a%f0%9d%90%9c%f0%9d%90%9e-%f0%9d%90%81%f0%9d%90%92%f0%9d%90%80\/\" class=\"card-simple__wrapper-lien\"><div itemscope itemtype=\"https:\/\/schema.org\/ImageObject\" class=\"card-simple__cont-img card-simple__cont-img--\" style=\"background-image: url(https:\/\/evenements.infopro-digital.com\/lemoniteur\/actu-formations\/\/app\/uploads\/sites\/2\/2022\/05\/Interview.png)\"><meta itemprop=\"contentUrl\" content=\"https:\/\/evenements.infopro-digital.com\/lemoniteur\/actu-formations\/\/app\/uploads\/sites\/2\/2022\/05\/Interview.png\"\/><\/div><div class=\"card-simple__cont-infos\"><time class=\"card-simple__date\" datetime=\"2022-03-25T14:49:00+01:00\">25 mars 2022<\/time><h3 class=\"card-simple__titre \">[Ev\u00e8nement] Retour sur notre soir\u00e9e Formateurs<\/h3><div class=\"card-simple__content\"><p>Nous nous sommes r\u00e9unis avec nos formateurs, \u00e0 l\u2019Espace BSA, jeudi 24 mars 2022, pour une soir\u00e9e conviviale tourn\u00e9e autour&hellip;<\/p><\/div><\/div><\/a><\/section><\/div><\/div><div class=\"has-3-columns wp-block-columns wp-block-columns-shortcode\"><div class=\"wp-block-column\"><section class=\"card-simple has-background has-white-background-color has-box-shadow card-simple--equal-height is-lien\" style=\"box-shadow:0px 8px 16px  rgba(0,0,0,0.2);\"><a href=\"https:\/\/evenements.infopro-digital.com\/lemoniteur\/actu-formations\/2022\/02\/28\/web-immobilier-dentreprise-post-covid\/\" class=\"card-simple__wrapper-lien\"><div itemscope itemtype=\"https:\/\/schema.org\/ImageObject\" class=\"card-simple__cont-img card-simple__cont-img--\" style=\"background-image: url(https:\/\/evenements.infopro-digital.com\/lemoniteur\/actu-formations\/\/app\/uploads\/sites\/2\/2022\/05\/j-kelly-brito-PeUJyoylfe4-unsplash-1200x800.jpg)\"><meta itemprop=\"contentUrl\" content=\"https:\/\/evenements.infopro-digital.com\/lemoniteur\/actu-formations\/\/app\/uploads\/sites\/2\/2022\/05\/j-kelly-brito-PeUJyoylfe4-unsplash-1200x800.jpg\"\/><\/div><div class=\"card-simple__cont-infos\"><time class=\"card-simple__date\" datetime=\"2022-02-28T09:41:00+01:00\">28 f\u00e9vrier 2022<\/time><h3 class=\"card-simple__titre \">[Replay Webinaire]  Formation continue des architectes : \u00eatre en conformit\u00e9<\/h3><div class=\"card-simple__content\"><p>Architecte, D\u00e8s votre inscription au tableau de l\u2019Ordre, vous devez r\u00e9pondre \u00e0 une obligation d\u00e9ontologique de formation continue \u00e9quivalente \u00e0&hellip;<\/p><\/div><\/div><\/a><\/section><\/div><div class=\"wp-block-column\"><section class=\"card-simple has-background has-white-background-color has-box-shadow card-simple--equal-height is-lien\" style=\"box-shadow:0px 8px 16px  rgba(0,0,0,0.2);\"><a href=\"https:\/\/evenements.infopro-digital.com\/lemoniteur\/actu-formations\/2022\/01\/25\/webinaire-immobilier-dentreprise-dans-un-monde-post-covid\/\" class=\"card-simple__wrapper-lien\"><div itemscope itemtype=\"https:\/\/schema.org\/ImageObject\" class=\"card-simple__cont-img card-simple__cont-img--\" style=\"background-image: url(https:\/\/evenements.infopro-digital.com\/lemoniteur\/actu-formations\/\/app\/uploads\/sites\/2\/2022\/05\/Fotolia_60085706_Subscription_Monthly_XXL-1-1200x564.jpg)\"><meta itemprop=\"contentUrl\" content=\"https:\/\/evenements.infopro-digital.com\/lemoniteur\/actu-formations\/\/app\/uploads\/sites\/2\/2022\/05\/Fotolia_60085706_Subscription_Monthly_XXL-1-1200x564.jpg\"\/><\/div><div class=\"card-simple__cont-infos\"><time class=\"card-simple__date\" datetime=\"2022-01-25T10:48:00+01:00\">25 janvier 2022<\/time><h3 class=\"card-simple__titre \">[Replay Webinaire]  Immobilier d\u2019entreprise dans un monde post-Covid<\/h3><div class=\"card-simple__content\"><p>R\u00e9duction des surfaces, flex office, d\u00e9veloppement en multisites pour \u00eatre au plus proche des collaborateurs\u2026 la crise sanitaire a acc\u00e9l\u00e9r\u00e9&hellip;<\/p><\/div><\/div><\/a><\/section><\/div><div class=\"wp-block-column wp-block-column--empty\"><\/div><\/div>\n<\/div><\/div>","protected":false},"excerpt":{"rendered":"","protected":false},"author":5,"featured_media":0,"parent":0,"menu_order":0,"comment_status":"closed","ping_status":"closed","template":"","meta":[],"yoast_head":"<!-- This site is optimized with the Yoast SEO plugin v18.9 - https:\/\/yoast.com\/wordpress\/plugins\/seo\/ -->\n<title>Actualit\u00e9s - Formation Lemoniteur<\/title>\n<meta name=\"robots\" content=\"index, follow, max-snippet:-1, max-image-preview:large, max-video-preview:-1\" \/>\n<link rel=\"canonical\" href=\"https:\/\/evenements.infopro-digital.com\/lemoniteur\/actu-formations\/actualites\/\" \/>\n<meta property=\"og:locale\" content=\"fr_FR\" \/>\n<meta property=\"og:type\" content=\"article\" \/>\n<meta property=\"og:title\" content=\"Actualit\u00e9s - Formation Lemoniteur\" \/>\n<meta property=\"og:url\" content=\"https:\/\/evenements.infopro-digital.com\/lemoniteur\/actu-formations\/actualites\/\" \/>\n<meta property=\"og:site_name\" content=\"Formation Lemoniteur\" \/>\n<meta property=\"article:modified_time\" content=\"2022-05-13T13:47:07+00:00\" \/>\n<meta name=\"twitter:card\" content=\"summary_large_image\" \/>\n<script type=\"application\/ld+json\" class=\"yoast-schema-graph\">{\"@context\":\"https:\/\/schema.org\",\"@graph\":[{\"@type\":\"WebSite\",\"@id\":\"https:\/\/evenements.infopro-digital.com\/lemoniteur\/actu-formations\/#website\",\"url\":\"https:\/\/evenements.infopro-digital.com\/lemoniteur\/actu-formations\/\",\"name\":\"Formation Lemoniteur\",\"description\":\"Un site utilisant Les sites de Formation argus\",\"potentialAction\":[{\"@type\":\"SearchAction\",\"target\":{\"@type\":\"EntryPoint\",\"urlTemplate\":\"https:\/\/evenements.infopro-digital.com\/lemoniteur\/actu-formations\/?s={search_term_string}\"},\"query-input\":\"required name=search_term_string\"}],\"inLanguage\":\"fr-FR\"},{\"@type\":\"WebPage\",\"@id\":\"https:\/\/evenements.infopro-digital.com\/lemoniteur\/actu-formations\/actualites\/#webpage\",\"url\":\"https:\/\/evenements.infopro-digital.com\/lemoniteur\/actu-formations\/actualites\/\",\"name\":\"Actualit\u00e9s - Formation Lemoniteur\",\"isPartOf\":{\"@id\":\"https:\/\/evenements.infopro-digital.com\/lemoniteur\/actu-formations\/#website\"},\"datePublished\":\"2022-04-08T13:00:54+00:00\",\"dateModified\":\"2022-05-13T13:47:07+00:00\",\"breadcrumb\":{\"@id\":\"https:\/\/evenements.infopro-digital.com\/lemoniteur\/actu-formations\/actualites\/#breadcrumb\"},\"inLanguage\":\"fr-FR\",\"potentialAction\":[{\"@type\":\"ReadAction\",\"target\":[\"https:\/\/evenements.infopro-digital.com\/lemoniteur\/actu-formations\/actualites\/\"]}]},{\"@type\":\"BreadcrumbList\",\"@id\":\"https:\/\/evenements.infopro-digital.com\/lemoniteur\/actu-formations\/actualites\/#breadcrumb\",\"itemListElement\":[{\"@type\":\"ListItem\",\"position\":1,\"name\":\"Accueil\",\"item\":\"https:\/\/evenements.infopro-digital.com\/lemoniteur\/actu-formations\/\"},{\"@type\":\"ListItem\",\"position\":2,\"name\":\"Actualit\u00e9s\"}]}]}<\/script>\n<!-- \/ Yoast SEO plugin. -->","yoast_head_json":{"title":"Actualit\u00e9s - Formation Lemoniteur","robots":{"index":"index","follow":"follow","max-snippet":"max-snippet:-1","max-image-preview":"max-image-preview:large","max-video-preview":"max-video-preview:-1"},"canonical":"https:\/\/evenements.infopro-digital.com\/lemoniteur\/actu-formations\/actualites\/","og_locale":"fr_FR","og_type":"article","og_title":"Actualit\u00e9s - Formation Lemoniteur","og_url":"https:\/\/evenements.infopro-digital.com\/lemoniteur\/actu-formations\/actualites\/","og_site_name":"Formation Lemoniteur","article_modified_time":"2022-05-13T13:47:07+00:00","twitter_card":"summary_large_image","schema":{"@context":"https:\/\/schema.org","@graph":[{"@type":"WebSite","@id":"https:\/\/evenements.infopro-digital.com\/lemoniteur\/actu-formations\/#website","url":"https:\/\/evenements.infopro-digital.com\/lemoniteur\/actu-formations\/","name":"Formation Lemoniteur","description":"Un site utilisant Les sites de Formation argus","potentialAction":[{"@type":"SearchAction","target":{"@type":"EntryPoint","urlTemplate":"https:\/\/evenements.infopro-digital.com\/lemoniteur\/actu-formations\/?s={search_term_string}"},"query-input":"required name=search_term_string"}],"inLanguage":"fr-FR"},{"@type":"WebPage","@id":"https:\/\/evenements.infopro-digital.com\/lemoniteur\/actu-formations\/actualites\/#webpage","url":"https:\/\/evenements.infopro-digital.com\/lemoniteur\/actu-formations\/actualites\/","name":"Actualit\u00e9s - Formation Lemoniteur","isPartOf":{"@id":"https:\/\/evenements.infopro-digital.com\/lemoniteur\/actu-formations\/#website"},"datePublished":"2022-04-08T13:00:54+00:00","dateModified":"2022-05-13T13:47:07+00:00","breadcrumb":{"@id":"https:\/\/evenements.infopro-digital.com\/lemoniteur\/actu-formations\/actualites\/#breadcrumb"},"inLanguage":"fr-FR","potentialAction":[{"@type":"ReadAction","target":["https:\/\/evenements.infopro-digital.com\/lemoniteur\/actu-formations\/actualites\/"]}]},{"@type":"BreadcrumbList","@id":"https:\/\/evenements.infopro-digital.com\/lemoniteur\/actu-formations\/actualites\/#breadcrumb","itemListElement":[{"@type":"ListItem","position":1,"name":"Accueil","item":"https:\/\/evenements.infopro-digital.com\/lemoniteur\/actu-formations\/"},{"@type":"ListItem","position":2,"name":"Actualit\u00e9s"}]}]}},"_links":{"self":[{"href":"https:\/\/evenements.infopro-digital.com\/lemoniteur\/actu-formations\/wp-json\/wp\/v2\/pages\/239"}],"collection":[{"href":"https:\/\/evenements.infopro-digital.com\/lemoniteur\/actu-formations\/wp-json\/wp\/v2\/pages"}],"about":[{"href":"https:\/\/evenements.infopro-digital.com\/lemoniteur\/actu-formations\/wp-json\/wp\/v2\/types\/page"}],"author":[{"embeddable":true,"href":"https:\/\/evenements.infopro-digital.com\/lemoniteur\/actu-formations\/wp-json\/wp\/v2\/users\/5"}],"replies":[{"embeddable":true,"href":"https:\/\/evenements.infopro-digital.com\/lemoniteur\/actu-formations\/wp-json\/wp\/v2\/comments?post=239"}],"version-history":[{"count":11,"href":"https:\/\/evenements.infopro-digital.com\/lemoniteur\/actu-formations\/wp-json\/wp\/v2\/pages\/239\/revisions"}],"predecessor-version":[{"id":1157,"href":"https:\/\/evenements.infopro-digital.com\/lemoniteur\/actu-formations\/wp-json\/wp\/v2\/pages\/239\/revisions\/1157"}],"wp:attachment":[{"href":"https:\/\/evenements.infopro-digital.com\/lemoniteur\/actu-formations\/wp-json\/wp\/v2\/media?parent=239"}],"curies":[{"name":"wp","href":"https:\/\/api.w.org\/{rel}","templated":true}]}}